{"id":125,"date":"2017-02-15T12:25:39","date_gmt":"2017-02-15T10:25:39","guid":{"rendered":"https:\/\/www.vividvilnius.lt\/dovanos\/produktas\/stebuklai-vilniaus-pozemiuose\/"},"modified":"2026-08-25T11:59:58","modified_gmt":"2026-08-25T08:59:58","slug":"stebuklai-vilniaus-pozemiuose","status":"publish","type":"product","link":"https:\/\/www.vividvilnius.lt\/dovanos\/produktas\/stebuklai-vilniaus-pozemiuose\/","title":{"rendered":"Stebuklai Vilniaus po\u017eemiuose"},"content":{"rendered":"<p style=\"text-align: center;\"><span style=\"font-size: 21px; color: #000000;\"><strong>Stebuklai Vilniaus po\u017eemiuose<\/strong><\/span><\/p>\n<p style=\"text-align: center;\"><strong><span style=\"color: #000000;\">Leiskit\u0117s \u012f intriguojan\u010di\u0105 kelion\u0119 laiku senojo Vilniaus po\u017eemiais! Nustebsite, kiek daug netik\u0117t\u0173 atradim\u0173, paslap\u010di\u0173 ir stebukl\u0173 slepia po\u017eeminis pasaulis&#8230;<\/span><\/strong><\/p>\n<p style=\"text-align: center;\"><span style=\"color: #000000;\">Ekskursij\u0105 prad\u0117sime nuo turtingiausi\u0173 ir \u012fsp\u016bdingiausi\u0173 Vilniaus Katedros po\u017eemi\u0173, ten pamatysite, kur ir kaip buvo laidojami Lietuvos galingiausieji, kur stov\u0117jo pirmoji Katedra ir kas jai nutiko, su\u017einosite, kokios m\u012fsl\u0117s gaubia Vytauto Did\u017eiojo kap\u0105 ir kokio stebuklo d\u0117ka Katedros po\u017eemiuose i\u0161liko karali\u0161kieji palaidojimai, kuris valdovas Katedros po\u017eemiuose \u201cpaliko\u201d savo \u0161ird\u012f ir kur pasl\u0117ptos karali\u0161kosios brangenyb\u0117s. Tur\u0117site i\u0161skirtin\u0119 galimyb\u0119 savo akimis pamatyti seniausi\u0105 fresk\u0105 Lietuvoje bei i\u0161girsti ne\u012ftik\u0117tin\u0105 jos atradimo istorij\u0105. Na, ir be abejo, aplankysite legendin\u0117s gra\u017euol\u0117s Barboros Radvilait\u0117s am\u017eino poilsio viet\u0105, su\u017einosite, kaip i\u0161 ties\u0173 atrod\u0117 gra\u017eiausia XVI a. Europos moteris ir kas pasiglem\u017e\u0117 karalien\u0117s gyvyb\u0119.<\/span><\/p>\n<p style=\"text-align: center;\"><span style=\"color: #000000;\">Ekskursijos metu taip pat aplankysime \u0160v. Kazimiero koply\u010di\u0105, saugan\u010di\u0105 \u0161ventojo karalai\u010dio Kazimiero Jogailai\u010dio palaikus. O pati koply\u010dia pelnytai vadinama vienu gra\u017eiausi\u0173 baroko paminkl\u0173 Lietuvoje. Ekskursij\u0105 t\u0119sime Gintaro galerijoje-muziejuje, kur pamatysite kaip prie\u0161 50 mln. met\u0173 formavosi gintaras, koki\u0173 spalv\u0173 jis b\u016bna ir kaip m\u016bs\u0173 prot\u0117viai gintaru papirkin\u0117jo dievus. Taip pat su\u017einosite paslapt\u012f, kaip atskirti tikr\u0105 gintar\u0105 nuo padirbini\u0173. Na, ir galiausiai aplankysime vieno i\u0161 Pilies gatv\u0117s nam\u0173, kuriame \u0161iandien \u012fsik\u016br\u0117s Marijos ir Jurgio \u0160lapeli\u0173 muziejus, r\u016bsius, kur pa\u017einsime daug kit\u0173 po\u017eeminio miesto sl\u0117pini\u0173.<\/span><\/p>\n<p style=\"text-align: center;\"><span style=\"color: #000000;\"><strong>Lankomi objektai:<\/strong><\/span><\/p>\n<p style=\"text-align: center;\"><span style=\"color: #000000;\">&#8211; Vilniaus Katedros po\u017eemiai;<\/span><br \/>\n<span style=\"color: #000000;\"> &#8211; \u0160v. Kazimiero koply\u010dia;<\/span><br \/>\n<span style=\"color: #000000;\"> &#8211; Gintaro galerijos-muziejaus r\u016bsiai;<\/span><br \/>\n<span style=\"color: #000000;\"> &#8211; \u0160lapeli\u0173 nam\u0173-muziejaus r\u016bsiai.<\/span><\/p>\n","protected":false},"excerpt":{"rendered":"<p style=\"font-weight: 400; text-align: center;\"><span style=\"font-size: 18px; color: #000000;\"><strong>Kvietimas\u00a0<\/strong><strong>\u012f ekskursij\u0105\u00a0<\/strong><\/span><\/p>\n<p style=\"text-align: center;\"><span style=\"color: #000000;\">&#8211; Kvietimas galioja <strong>1 asmeniui<\/strong>\u00a0 tik \u0161iai ekskursijai.<br \/>\n<\/span><span style=\"color: #000000;\">&#8211; Bilietai \u012f mokamus objektus <strong>\u012ftraukti<\/strong> \u012f kvietimo kain\u0105.<br \/>\n<\/span><span style=\"color: #000000;\">&#8211; Kvietim\u0105 galioja <strong>12 m\u0117nesi\u0173<\/strong>\u00a0nuo pirkimo datos.<br \/>\n<\/span><span style=\"color: #000000;\">&#8211; Tai yra kvietimas \u012f ekskursij\u0105 <strong>pavieniams asmenims<\/strong>. Nor\u0117dami \u012fsigyti dovan\u0173 <strong>\u010dek\u012f priva\u010diai ekskursijai<\/strong>, spauskite <a href=\"https:\/\/www.vividvilnius.lt\/dovanos\/produktas\/stebuklai-vilniaus-pozemiuose-privati\/\"><strong>\u010dia<\/strong><\/a>.<br \/>\n<\/span><span style=\"color: #000000;\">&#8211; Vaikus iki 15 m. turi lyd\u0117ti suaug\u0119s asmuo.<\/span><\/p>\n","protected":false},"featured_media":9,"template":"","meta":[],"product_cat":[14],"product_tag":[27,8,17,9],"_links":{"self":[{"href":"https:\/\/www.vividvilnius.lt\/dovanos\/wp-json\/wp\/v2\/product\/125"}],"collection":[{"href":"https:\/\/www.vividvilnius.lt\/dovanos\/wp-json\/wp\/v2\/product"}],"about":[{"href":"https:\/\/www.vividvilnius.lt\/dovanos\/wp-json\/wp\/v2\/types\/product"}],"wp:featuredmedia":[{"embeddable":true,"href":"https:\/\/www.vividvilnius.lt\/dovanos\/wp-json\/wp\/v2\/media\/9"}],"wp:attachment":[{"href":"https:\/\/www.vividvilnius.lt\/dovanos\/wp-json\/wp\/v2\/media?parent=125"}],"wp:term":[{"taxonomy":"product_cat","embeddable":true,"href":"https:\/\/www.vividvilnius.lt\/dovanos\/wp-json\/wp\/v2\/product_cat?post=125"},{"taxonomy":"product_tag","embeddable":true,"href":"https:\/\/www.vividvilnius.lt\/dovanos\/wp-json\/wp\/v2\/product_tag?post=125"}],"curies":[{"name":"wp","href":"https:\/\/api.w.org\/{rel}","templated":true}]}}