{"id":4821,"date":"2018-12-03T12:44:57","date_gmt":"2018-12-03T10:44:57","guid":{"rendered":"https:\/\/www.vividvilnius.lt\/dovanos\/?post_type=product&#038;p=4821"},"modified":"2025-12-04T13:48:50","modified_gmt":"2025-12-04T11:48:50","slug":"valstybingumo-keliu-privati","status":"publish","type":"product","link":"https:\/\/www.vividvilnius.lt\/dovanos\/produktas\/valstybingumo-keliu-privati\/","title":{"rendered":"Valstybingumo keliu"},"content":{"rendered":"<p style=\"text-align: center;\"><span style=\"color: #000000;\"><strong><span style=\"font-size: 21px;\">Valstybingumo keliu<\/span><\/strong><\/span><\/p>\n<p style=\"text-align: center;\"><span style=\"color: #000000;\">Vivid Vilnius kvie\u010dia vilnie\u010dius ir miesto sve\u010dius leistis \u012f intriguojan\u010di\u0105 kelion\u0119 laiku per septynis Lietuvos valstybingumo \u0161imtme\u010dius \u2013 nuo XIII a. Mindaugo karalyst\u0117s iki 1918-\u0173j\u0173 vasario 16-\u0105j\u0105 atgimusios Lietuvos valstyb\u0117s.<\/span><\/p>\n<p style=\"text-align: center;\"><span style=\"color: #000000;\">Pasivaik\u0161\u010diojimo metu prisiminsime svarbiausius Lietuvos istorijos momentus, reik\u0161mingiausius \u012fvykius, did\u017eiausius pasiekimus ir skaud\u017eiausias netektis. Ekskursij\u0105 prad\u0117sime nuo karaliaus Mindaugo paminklo, kur susipa\u017einsime su Lietuvos valstybingumo i\u0161takomis, pirmojo ir vienintelio Lietuvos karaliaus asmenybe bei to laikme\u010dio realijomis. Ekskursijos metu taip pat su\u017einosime, kaip nediduk\u0117 Lietuva nuo Nemuno iki Neries i\u0161sipl\u0117t\u0117 iki didvalstyb\u0117s nuo j\u016br\u0173 iki j\u016br\u0173, koks valdovas irgi \u201cmatavosi\u201d kar\u016bn\u0105 ir kas jam sutrukd\u0117 ja pasipuo\u0161ti, kas \u012f Vilni\u0173 pakviet\u0117 pirmuosius \u201cimigrantus\u201d, kas stat\u0117si Valdov\u0173 r\u016bmus ir kas juose gyveno, kokio skandalo d\u0117ka Vilniuje atsirado universitetas, kuom Rusijos imperatorienei Jekaterinai II ne\u012ftiko pirmoji ra\u0161ytin\u0117 Europos Konstitucija, kuris signataras pav\u0117lavo \u012f 1918-\u0173j\u0173 vasario 16-osios Nepriklausomyb\u0117s Akto pasira\u0161ym\u0105 ir kur dingo pats dokumentas bei daug kit\u0173 intriguojan\u010di\u0173 ir netik\u0117t\u0173 istorijos vingi\u0173. Valstybingumo keli\u0105 prisiminti Vivid Vilnius kvie\u010dia drauge!<\/span><\/p>\n","protected":false},"excerpt":{"rendered":"<p style=\"text-align: center;\" align=\"center\"><strong>Dovan\u0173 \u010dekis priva\u010diai ekskursijai<\/strong><\/p>\n<p style=\"text-align: center;\" align=\"center\">&#8211; Galioja <strong>nurodytam asmen\u0173 skai\u010diui <\/strong>tik \u0161iai ekskursijai, <strong><span style=\"color: #000000;\">12 m\u0117nesi\u0173<\/span><\/strong>\u00a0nuo pirkimo.<br \/>\n&#8211; Bilietai \u012f mokamus objektus <strong>\u012ftraukti<\/strong> \u012f kain\u0105.<br \/>\n&#8211; Dovanos gav\u0117jas tur\u0117s galimyb\u0119 suderinti jam patogi\u0105 <strong>ekskursijos data ir laik\u0105<\/strong>;<br \/>\n&#8211; Vaikus iki 15 m. turi lyd\u0117ti suaug\u0119s asmuo.<\/p>\n","protected":false},"featured_media":114,"template":"","meta":[],"product_cat":[6],"product_tag":[7,24,23,16,9],"_links":{"self":[{"href":"https:\/\/www.vividvilnius.lt\/dovanos\/wp-json\/wp\/v2\/product\/4821"}],"collection":[{"href":"https:\/\/www.vividvilnius.lt\/dovanos\/wp-json\/wp\/v2\/product"}],"about":[{"href":"https:\/\/www.vividvilnius.lt\/dovanos\/wp-json\/wp\/v2\/types\/product"}],"wp:featuredmedia":[{"embeddable":true,"href":"https:\/\/www.vividvilnius.lt\/dovanos\/wp-json\/wp\/v2\/media\/114"}],"wp:attachment":[{"href":"https:\/\/www.vividvilnius.lt\/dovanos\/wp-json\/wp\/v2\/media?parent=4821"}],"wp:term":[{"taxonomy":"product_cat","embeddable":true,"href":"https:\/\/www.vividvilnius.lt\/dovanos\/wp-json\/wp\/v2\/product_cat?post=4821"},{"taxonomy":"product_tag","embeddable":true,"href":"https:\/\/www.vividvilnius.lt\/dovanos\/wp-json\/wp\/v2\/product_tag?post=4821"}],"curies":[{"name":"wp","href":"https:\/\/api.w.org\/{rel}","templated":true}]}}