{"id":5284,"date":"2018-12-03T20:15:36","date_gmt":"2018-12-03T18:15:36","guid":{"rendered":"https:\/\/www.vividvilnius.lt\/dovanos\/?post_type=product&#038;p=5284"},"modified":"2025-12-02T16:59:29","modified_gmt":"2025-12-02T14:59:29","slug":"jie-gyveno-del-lietuvos-privati","status":"publish","type":"product","link":"https:\/\/www.vividvilnius.lt\/dovanos\/produktas\/jie-gyveno-del-lietuvos-privati\/","title":{"rendered":"Jie Gyveno d\u0117l LIETUVOS"},"content":{"rendered":"<p style=\"text-align: center;\"><span style=\"font-size: 21px; color: #000000;\"><strong>Jie Gyveno d\u0117l LIETUVOS<\/strong><\/span><\/p>\n<p style=\"text-align: center;\"><span style=\"color: #000000;\"><strong>Vivid Vilnius kvie\u010dia \u0161v\u0119sti Lietuvos valstyb\u0117s atk\u016brimo 100-met\u012f kartu! Lygiai prie\u0161 100 met\u0173 grupel\u0117s labai dr\u0105si\u0173 ir \u0161viesi\u0173 asmenybi\u0173 d\u0117ka \u012fvyko bema\u017e stebuklas \u2013 po daugiau nei 120 met\u0173 trukusi\u0173 okupacij\u0173, represij\u0173 ir suvar\u017eym\u0173 Lietuva v\u0117l tapo nepriklausoma valstybe! \u0160iandien galime did\u017eiuotis ir d\u017eiaugtis tokio dr\u0105saus \u017eingsnio vaisiais. Ir, be abejo, kaip ir dera tokiai i\u0161skirtinei progai, kvie\u010diame prisiminti reik\u0161mingiausius \u012fvykius ir ry\u0161kiausias asmenybes, kurie k\u016br\u0117 m\u016bs\u0173 Valstyb\u0119 \u0160imtme\u010dio ekskursijoje \u201eJie gyveno d\u0117l LIETUVOS\u201c!<\/strong><\/span><\/p>\n<p style=\"text-align: center;\"><span style=\"color: #000000;\">\u00a0 \u00a0\u00a0Kokie \u017emon\u0117s stov\u0117jo Laisv\u0117s \u0161aukli\u0173 gret\u0173 priekyje? J\u0173 b\u016bta i\u0161ties nema\u017eai, o ry\u0161kiausias asmenybes prisiminsime ekskursijos metu. Vienas did\u017eiausi\u0173 to meto autoritet\u0173, Lietuvos valstyb\u0117s patriarchu vadinamas <strong>dr. Jonas Basanavi\u010dius. <\/strong>Dar gyvendamas u\u017esienyje, savo darbais garsino savo gimtin\u0119, o gr\u012f\u017e\u0119s \u012f T\u0117vyn\u0119, vis\u0105 likus\u012f gyvenim\u0105 pa\u0161vent\u0117 Lietuvos labui. O koks didelis ind\u0117lis keliant savo tautos dvasi\u0105 to meto k\u016br\u0117j\u0173! \u201cA\u0161 pasiry\u017e\u0119s visus savo buvusius ir b\u016bsimus darbus skirti Lietuvai\u201d \u2013 taip savo broliui Povilui ra\u0161o <strong>Mikalojus Konstantinas \u010ciurlionis.<\/strong> Ir skyr\u0117! 1907 m. jis sureng\u0117 pirm\u0105j\u0105 lietuvi\u0173 dail\u0117s parod\u0105, jo harmonizuotas lietuvi\u0173 liaudies dainas dainavo paties suburtas choras\u2026<\/span><\/p>\n<p style=\"text-align: center;\"><span style=\"color: #000000;\"><strong>Jurgio ir Marijos \u0160lapeli\u0173<\/strong> \u0161eima \u2013 puikus tandemas, visas j\u0117gas atidav\u0119 savo tautos labui. Jurgis \u0160lapelis, medikas pagal i\u0161silavinim\u0105, leid\u0117jas,\u00a0 \u0161viet\u0117jas ir kult\u016bros veik\u0117jas pagal pa\u0161aukim\u0105, o jo \u017emona, Marija \u0160lapelien\u0117, ne tik puiki daininink\u0117, bet ir pirmojo Vilniuje lietuvi\u0161k\u0173 knyg\u0173 knygyno \u012fk\u016br\u0117ja.<\/span><\/p>\n<p style=\"text-align: center;\"><span style=\"color: #000000;\">\u00a0O ekskursijos kulminacija &#8211; Signatar\u0173 namuose, kur prie\u0161 \u0161imt\u0105 met\u0173 buvo pasira\u0161ytas <strong>Vasario 16-osios Nepriklausomyb\u0117s aktas<\/strong>. Taip pat pamatysime tai, ko prie\u0161 metus dar nesitik\u0117jome i\u0161vysti \u2013 prof. Liudo Ma\u017eylio Vokietijos archyvuose rast\u0105 Vasario 16-osios akto original\u0105, kuris trumpam \u201esugr\u012f\u017eo\u201c \u012f Signatar\u0173 namus.<\/span><\/p>\n<p style=\"text-align: center;\"><span style=\"color: #000000;\">Iki susitikimo ekskursijoje!<\/span><\/p>\n<p>&nbsp;<\/p>\n<p style=\"text-align: center;\"><span style=\"color: #000000;\"><strong>Ekskursijos metu bus lankomi \u0161ie objektai: <\/strong><\/span><\/p>\n<ul style=\"text-align: center;\">\n<li><span style=\"color: #000000; font-size: 16px;\">Filharmonija<\/span><\/li>\n<li><span style=\"color: #000000; font-size: 16px;\">M. K. \u010ciurlionio namas-muziejus<\/span><\/li>\n<li><span style=\"color: #000000; font-size: 16px;\">Namas, kuriame gyveno J. Basanavi\u010dius<\/span><\/li>\n<li><span style=\"color: #000000; font-size: 16px;\">Jurgio ir Marijos \u0160lapeli\u0173 namai<\/span><\/li>\n<li><span style=\"color: #000000; font-size: 16px;\">Signatar\u0173 namai<\/span><\/li>\n<\/ul>\n<p style=\"text-align: center;\"><span style=\"color: #000000; font-size: 16px;\">*Lankom\u0173 objekt\u0173 eili\u0161kumas ir skai\u010dius gali keistis.<\/span><\/p>\n","protected":false},"excerpt":{"rendered":"<p style=\"text-align: center;\" align=\"center\"><strong>Dovan\u0173 \u010dekis priva\u010diai ekskursijai<\/strong><\/p>\n<p style=\"text-align: center;\" align=\"center\">&#8211; Galioja <strong>nurodytam asmen\u0173 skai\u010diui <\/strong>tik \u0161iai ekskursijai, <strong>12<\/strong><strong> m\u0117nesi\u0173<\/strong>\u00a0nuo pirkimo.<br \/>\n&#8211; Bilietai \u012f mokamus objektus <strong>\u012ftraukti<\/strong> \u012f kain\u0105.<br \/>\n&#8211; Dovanos gav\u0117jas tur\u0117s galimyb\u0119 suderinti jam patogi\u0105 <strong>ekskursijos data ir laik\u0105<\/strong>;<br \/>\n&#8211; Vaikus iki 15 m. turi lyd\u0117ti suaug\u0119s asmuo.<\/p>\n","protected":false},"featured_media":2209,"template":"","meta":[],"product_cat":[6],"product_tag":[7,24,56,16,9],"_links":{"self":[{"href":"https:\/\/www.vividvilnius.lt\/dovanos\/wp-json\/wp\/v2\/product\/5284"}],"collection":[{"href":"https:\/\/www.vividvilnius.lt\/dovanos\/wp-json\/wp\/v2\/product"}],"about":[{"href":"https:\/\/www.vividvilnius.lt\/dovanos\/wp-json\/wp\/v2\/types\/product"}],"wp:featuredmedia":[{"embeddable":true,"href":"https:\/\/www.vividvilnius.lt\/dovanos\/wp-json\/wp\/v2\/media\/2209"}],"wp:attachment":[{"href":"https:\/\/www.vividvilnius.lt\/dovanos\/wp-json\/wp\/v2\/media?parent=5284"}],"wp:term":[{"taxonomy":"product_cat","embeddable":true,"href":"https:\/\/www.vividvilnius.lt\/dovanos\/wp-json\/wp\/v2\/product_cat?post=5284"},{"taxonomy":"product_tag","embeddable":true,"href":"https:\/\/www.vividvilnius.lt\/dovanos\/wp-json\/wp\/v2\/product_tag?post=5284"}],"curies":[{"name":"wp","href":"https:\/\/api.w.org\/{rel}","templated":true}]}}